{"version":"1.0","provider_name":"Organisation des villes du patrimoine mondial","provider_url":"https:\/\/www.ovpm.org\/fr\/","title":"Mobilit\u00e9 (atelier #3) - Organisation des villes du patrimoine mondial","type":"rich","width":600,"height":338,"html":"<blockquote class=\"wp-embedded-content\" data-secret=\"sp9saq9vtE\"><a href=\"https:\/\/www.ovpm.org\/fr\/programme\/renforcement-des-capacites\/route-vers-quebec\/mobilite\/\">Mobilit\u00e9 (atelier #3)<\/a><\/blockquote><iframe sandbox=\"allow-scripts\" security=\"restricted\" src=\"https:\/\/www.ovpm.org\/fr\/programme\/renforcement-des-capacites\/route-vers-quebec\/mobilite\/embed\/#?secret=sp9saq9vtE\" width=\"600\" height=\"338\" title=\"\u00ab\u00a0Mobilit\u00e9 (atelier #3)\u00a0\u00bb &#8212; Organisation des villes du patrimoine mondial\" data-secret=\"sp9saq9vtE\" frameborder=\"0\" marginwidth=\"0\" marginheight=\"0\" scrolling=\"no\" class=\"wp-embedded-content\"><\/iframe><script type=\"text\/javascript\">\n\/* <![CDATA[ *\/\n\/*! This file is auto-generated *\/\n!function(d,l){\"use strict\";l.querySelector&&d.addEventListener&&\"undefined\"!=typeof URL&&(d.wp=d.wp||{},d.wp.receiveEmbedMessage||(d.wp.receiveEmbedMessage=function(e){var t=e.data;if((t||t.secret||t.message||t.value)&&!\/[^a-zA-Z0-9]\/.test(t.secret)){for(var s,r,n,a=l.querySelectorAll('iframe[data-secret=\"'+t.secret+'\"]'),o=l.querySelectorAll('blockquote[data-secret=\"'+t.secret+'\"]'),c=new RegExp(\"^https?:$\",\"i\"),i=0;i<o.length;i++)o[i].style.display=\"none\";for(i=0;i<a.length;i++)s=a[i],e.source===s.contentWindow&&(s.removeAttribute(\"style\"),\"height\"===t.message?(1e3<(r=parseInt(t.value,10))?r=1e3:~~r<200&&(r=200),s.height=r):\"link\"===t.message&&(r=new URL(s.getAttribute(\"src\")),n=new URL(t.value),c.test(n.protocol))&&n.host===r.host&&l.activeElement===s&&(d.top.location.href=t.value))}},d.addEventListener(\"message\",d.wp.receiveEmbedMessage,!1),l.addEventListener(\"DOMContentLoaded\",function(){for(var e,t,s=l.querySelectorAll(\"iframe.wp-embedded-content\"),r=0;r<s.length;r++)(t=(e=s[r]).getAttribute(\"data-secret\"))||(t=Math.random().toString(36).substring(2,12),e.src+=\"#?secret=\"+t,e.setAttribute(\"data-secret\",t)),e.contentWindow.postMessage({message:\"ready\",secret:t},\"*\")},!1)))}(window,document);\n\/* ]]> *\/\n<\/script>\n","description":"La baisse marqu\u00e9e des d\u00e9placements automobiles et l\u2019am\u00e9lioration consid\u00e9rable de la qualit\u00e9 de l\u2019air qui s\u2019en est suivie pendant les p\u00e9riodes de confinement ont prouv\u00e9 que les moyens de transports et une mobilit\u00e9 plus durables sont essentiels \u00e0 la r\u00e9alisation du Programme de d\u00e9veloppement durable de l\u2019Agenda 2030. La pand\u00e9mie a d\u2019ailleurs convaincu plusieurs administrations [&hellip;]","thumbnail_url":"https:\/\/www.ovpm.org\/wp-content\/uploads\/2021\/01\/en-route-vers-quebecrectangle-1024x576.jpg"}