{"version":"1.0","provider_name":"Organisation des villes du patrimoine mondial","provider_url":"https:\/\/www.ovpm.org\/fr\/","title":"Colloque international: Capitales et patrimoine au XXI\u00e8me si\u00e8cle - Organisation des villes du patrimoine mondial","type":"rich","width":600,"height":338,"html":"<blockquote class=\"wp-embedded-content\" data-secret=\"EeS5u61e7J\"><a href=\"https:\/\/www.ovpm.org\/fr\/2009\/03\/12\/colloque-international-capitales-et-patrimoine-au-xxieme-siecle\/\">Colloque international: Capitales et patrimoine au XXI\u00e8me si\u00e8cle<\/a><\/blockquote><iframe sandbox=\"allow-scripts\" security=\"restricted\" src=\"https:\/\/www.ovpm.org\/fr\/2009\/03\/12\/colloque-international-capitales-et-patrimoine-au-xxieme-siecle\/embed\/#?secret=EeS5u61e7J\" width=\"600\" height=\"338\" title=\"\u00ab\u00a0Colloque international: Capitales et patrimoine au XXI\u00e8me si\u00e8cle\u00a0\u00bb &#8212; Organisation des villes du patrimoine mondial\" data-secret=\"EeS5u61e7J\" frameborder=\"0\" marginwidth=\"0\" marginheight=\"0\" scrolling=\"no\" class=\"wp-embedded-content\"><\/iframe><script type=\"text\/javascript\">\n\/* <![CDATA[ *\/\n\/*! This file is auto-generated *\/\n!function(d,l){\"use strict\";l.querySelector&&d.addEventListener&&\"undefined\"!=typeof URL&&(d.wp=d.wp||{},d.wp.receiveEmbedMessage||(d.wp.receiveEmbedMessage=function(e){var t=e.data;if((t||t.secret||t.message||t.value)&&!\/[^a-zA-Z0-9]\/.test(t.secret)){for(var s,r,n,a=l.querySelectorAll('iframe[data-secret=\"'+t.secret+'\"]'),o=l.querySelectorAll('blockquote[data-secret=\"'+t.secret+'\"]'),c=new RegExp(\"^https?:$\",\"i\"),i=0;i<o.length;i++)o[i].style.display=\"none\";for(i=0;i<a.length;i++)s=a[i],e.source===s.contentWindow&&(s.removeAttribute(\"style\"),\"height\"===t.message?(1e3<(r=parseInt(t.value,10))?r=1e3:~~r<200&&(r=200),s.height=r):\"link\"===t.message&&(r=new URL(s.getAttribute(\"src\")),n=new URL(t.value),c.test(n.protocol))&&n.host===r.host&&l.activeElement===s&&(d.top.location.href=t.value))}},d.addEventListener(\"message\",d.wp.receiveEmbedMessage,!1),l.addEventListener(\"DOMContentLoaded\",function(){for(var e,t,s=l.querySelectorAll(\"iframe.wp-embedded-content\"),r=0;r<s.length;r++)(t=(e=s[r]).getAttribute(\"data-secret\"))||(t=Math.random().toString(36).substring(2,12),e.src+=\"#?secret=\"+t,e.setAttribute(\"data-secret\",t)),e.contentWindow.postMessage({message:\"ready\",secret:t},\"*\")},!1)))}(window,document);\n\/* ]]> *\/\n<\/script>\n","description":"Coorganis\u00e9 par Habib Sa\u00efdi (Univesit\u00e9 Laval) et Sylvie Sagnes (CNRS France) Quelle que soit leur \u00e9chelle, les territoires usent et abusent de la m\u00e9moire, de la tradition, de l\u2019histoire pour affirmer leur sp\u00e9cificit\u00e9, dire leur identit\u00e9. Cette r\u00e9alit\u00e9 touche le patrimoine sous toutes ses formes, mat\u00e9rielles ou immat\u00e9rielles. Plus que jamais partie prenante de la [&hellip;]"}