{"version":"1.0","provider_name":"Organizaci\u00f3n de las Ciudades del Patrimonio Mundial","provider_url":"https:\/\/www.ovpm.org\/es\/","title":"Sal\u00f3n Mundial del Turismo \u2013 As\u00eds, Italia - Organizaci\u00f3n de las Ciudades del Patrimonio Mundial","type":"rich","width":600,"height":338,"html":"<blockquote class=\"wp-embedded-content\" data-secret=\"UlqVQaxjFC\"><a href=\"https:\/\/www.ovpm.org\/es\/2012\/09\/24\/salon-mundial-del-turismo-asis-italia\/\">Sal\u00f3n Mundial del Turismo \u2013 As\u00eds, Italia<\/a><\/blockquote><iframe sandbox=\"allow-scripts\" security=\"restricted\" src=\"https:\/\/www.ovpm.org\/es\/2012\/09\/24\/salon-mundial-del-turismo-asis-italia\/embed\/#?secret=UlqVQaxjFC\" width=\"600\" height=\"338\" title=\"\u00abSal\u00f3n Mundial del Turismo \u2013 As\u00eds, Italia\u00bb \u2014 Organizaci\u00f3n de las Ciudades del Patrimonio Mundial\" data-secret=\"UlqVQaxjFC\" frameborder=\"0\" marginwidth=\"0\" marginheight=\"0\" scrolling=\"no\" class=\"wp-embedded-content\"><\/iframe><script type=\"text\/javascript\">\n\/* <![CDATA[ *\/\n\/*! This file is auto-generated *\/\n!function(d,l){\"use strict\";l.querySelector&&d.addEventListener&&\"undefined\"!=typeof URL&&(d.wp=d.wp||{},d.wp.receiveEmbedMessage||(d.wp.receiveEmbedMessage=function(e){var t=e.data;if((t||t.secret||t.message||t.value)&&!\/[^a-zA-Z0-9]\/.test(t.secret)){for(var s,r,n,a=l.querySelectorAll('iframe[data-secret=\"'+t.secret+'\"]'),o=l.querySelectorAll('blockquote[data-secret=\"'+t.secret+'\"]'),c=new RegExp(\"^https?:$\",\"i\"),i=0;i<o.length;i++)o[i].style.display=\"none\";for(i=0;i<a.length;i++)s=a[i],e.source===s.contentWindow&&(s.removeAttribute(\"style\"),\"height\"===t.message?(1e3<(r=parseInt(t.value,10))?r=1e3:~~r<200&&(r=200),s.height=r):\"link\"===t.message&&(r=new URL(s.getAttribute(\"src\")),n=new URL(t.value),c.test(n.protocol))&&n.host===r.host&&l.activeElement===s&&(d.top.location.href=t.value))}},d.addEventListener(\"message\",d.wp.receiveEmbedMessage,!1),l.addEventListener(\"DOMContentLoaded\",function(){for(var e,t,s=l.querySelectorAll(\"iframe.wp-embedded-content\"),r=0;r<s.length;r++)(t=(e=s[r]).getAttribute(\"data-secret\"))||(t=Math.random().toString(36).substring(2,12),e.src+=\"#?secret=\"+t,e.setAttribute(\"data-secret\",t)),e.contentWindow.postMessage({message:\"ready\",secret:t},\"*\")},!1)))}(window,document);\n\/* ]]> *\/\n<\/script>\n","thumbnail_url":"https:\/\/www.ovpm.org\/wp-content\/uploads\/2018\/09\/logowte.jpg","thumbnail_width":599,"thumbnail_height":122,"description":"Del 21 al 23 de septiembre de 2012, la Secretar\u00eda Regional de Europa del Sur\/Mediterr\u00e1neo asiste al Sal\u00f3n Mundial del Turismo, que se celebra en As\u00eds (Italia). El Coordinador Regional de la OCPM para dicha regi\u00f3n, Sr. Rafael P\u00e9rez de la Concha Camacho, est\u00e1 presente a fin de participar en las diversas actividades del Sal\u00f3n [&hellip;]"}